{"id":1146,"date":"2020-10-27T15:05:25","date_gmt":"2020-10-27T18:05:25","guid":{"rendered":"https:\/\/feiraecologica.com.br\/fae\/?page_id=1146"},"modified":"2021-06-18T16:39:38","modified_gmt":"2021-06-18T19:39:38","slug":"publicacoes","status":"publish","type":"page","link":"https:\/\/feiraecologica.com.br\/fae\/publicacoes\/","title":{"rendered":"Publica\u00e7\u00f5es"},"content":{"rendered":"<p>[vc_row css=&#8221;.vc_custom_1606220026028{background-color: #ffffff !important;}&#8221;][vc_column]<div class=\"sc_layouts sc_layouts_default sc_layouts_2002\">[vc_row full_width=\"stretch_row\" css=\".vc_custom_1606154546021{background-color: #ece5d5 !important;background-position: 0 0 !important;background-repeat: repeat !important;}\"][vc_column icons_position=\"left\"][vc_empty_space alter_height=\"huge\" hide_on_mobile=\"\" css=\".vc_custom_1500477287982{margin-top: -1.3rem !important;}\"]<div class=\"sc_layouts_item\"><div class=\"sc_blogger color_style_default sc_blogger_classic\"><h3 class=\"sc_item_title sc_blogger_title sc_align_center sc_item_title_style_default\">Publica\u00e7\u00f5es<\/h3><div class=\"sc_blogger_columns sc_item_columns trx_addons_columns_wrap columns_padding_bottom\"><div class=\"trx_addons_column-1_3\"><div class=\"sc_blogger_item post_format_standard post-2137 post type-post status-publish format-standard has-post-thumbnail hentry category-noticias\"><div class=\"post_meta\">\t\t\t\t\t\t<span class=\"teste post_meta_item post_date\"><a href=\"https:\/\/feiraecologica.com.br\/fae\/projeto-nutris-na-feira-tem-a-sua-primeira-edicao-na-feira-de-agricultores-ecologistas\/\">22 de julho de 2022<\/a><\/span>\n\t\t\t\t\t\t <a href=\"https:\/\/feiraecologica.com.br\/fae\/projeto-nutris-na-feira-tem-a-sua-primeira-edicao-na-feira-de-agricultores-ecologistas\/#respond\" class=\"post_meta_item post_counters_item post_counters_comments trx_addons_icon-comment\"><span class=\"post_counters_number\">0<\/span><span class=\"post_counters_label\">Coment\u00e1rios<\/span><\/a> <\/div><!-- .post_meta --><div class=\"post_featured with_thumb hover_icon sc_blogger_item_featured\"><img loading=\"lazy\" decoding=\"async\" width=\"555\" height=\"375\" src=\"https:\/\/feiraecologica.com.br\/fae\/wp-content\/uploads\/2022\/07\/photo_2022-07-22_12-54-21-555x375.jpg\" class=\"attachment-vincentes-thumb-med size-vincentes-thumb-med wp-post-image\" alt=\"Projeto Nutris na Feira tem a sua primeira edi\u00e7\u00e3o na Feira de Agricultores Ecologistas\" srcset=\"https:\/\/feiraecologica.com.br\/fae\/wp-content\/uploads\/2022\/07\/photo_2022-07-22_12-54-21-555x375.jpg 555w, https:\/\/feiraecologica.com.br\/fae\/wp-content\/uploads\/2022\/07\/photo_2022-07-22_12-54-21-1110x750.jpg 1110w\" sizes=\"auto, (max-width: 555px) 100vw, 555px\" \/><div class=\"mask\"><\/div><div class=\"icons\"><a href=\"https:\/\/feiraecologica.com.br\/fae\/projeto-nutris-na-feira-tem-a-sua-primeira-edicao-na-feira-de-agricultores-ecologistas\/\" aria-hidden=\"true\" class=\"icon-chain\"><\/a><\/div><\/div><div class=\"sc_blogger_item_content entry-content\"><div class=\"sc_blogger_item_header entry-header\"><h5 class=\"sc_blogger_item_title entry-title\"><a href=\"https:\/\/feiraecologica.com.br\/fae\/projeto-nutris-na-feira-tem-a-sua-primeira-edicao-na-feira-de-agricultores-ecologistas\/\" rel=\"bookmark\">Projeto Nutris na Feira tem a sua primeira edi\u00e7\u00e3o na Feira de Agricultores Ecologistas<\/a><\/h5><\/div><!-- .entry-header --><\/div><!-- .entry-content --><\/div><!-- .sc_blogger_item --><\/div><div class=\"trx_addons_column-1_3\"><div class=\"sc_blogger_item post_format_standard post-2127 post type-post status-publish format-standard has-post-thumbnail hentry category-noticias\"><div class=\"post_meta\">\t\t\t\t\t\t<span class=\"teste post_meta_item post_date\"><a href=\"https:\/\/feiraecologica.com.br\/fae\/fae-feira-online-acontecerao-nas-sextas-feiras-no-final-do-ano\/\">22 de dezembro de 2021<\/a><\/span>\n\t\t\t\t\t\t <a href=\"https:\/\/feiraecologica.com.br\/fae\/fae-feira-online-acontecerao-nas-sextas-feiras-no-final-do-ano\/#respond\" class=\"post_meta_item post_counters_item post_counters_comments trx_addons_icon-comment\"><span class=\"post_counters_number\">0<\/span><span class=\"post_counters_label\">Coment\u00e1rios<\/span><\/a> <\/div><!-- .post_meta --><div class=\"post_featured with_thumb hover_icon sc_blogger_item_featured\"><img loading=\"lazy\" decoding=\"async\" width=\"555\" height=\"375\" src=\"https:\/\/feiraecologica.com.br\/fae\/wp-content\/uploads\/2021\/12\/dias-comemorativos-FAE-5-e1640198594464-555x375.png\" class=\"attachment-vincentes-thumb-med size-vincentes-thumb-med wp-post-image\" alt=\"FAE &#038; feira online acontecer\u00e3o nas sextas-feiras no final do ano!\" \/><div class=\"mask\"><\/div><div class=\"icons\"><a href=\"https:\/\/feiraecologica.com.br\/fae\/fae-feira-online-acontecerao-nas-sextas-feiras-no-final-do-ano\/\" aria-hidden=\"true\" class=\"icon-chain\"><\/a><\/div><\/div><div class=\"sc_blogger_item_content entry-content\"><div class=\"sc_blogger_item_header entry-header\"><h5 class=\"sc_blogger_item_title entry-title\"><a href=\"https:\/\/feiraecologica.com.br\/fae\/fae-feira-online-acontecerao-nas-sextas-feiras-no-final-do-ano\/\" rel=\"bookmark\">FAE &#038; feira online acontecer\u00e3o nas sextas-feiras no final do ano!<\/a><\/h5><\/div><!-- .entry-header --><\/div><!-- .entry-content --><\/div><!-- .sc_blogger_item --><\/div><div class=\"trx_addons_column-1_3\"><div class=\"sc_blogger_item post_format_standard post-2119 post type-post status-publish format-standard has-post-thumbnail hentry category-noticias\"><div class=\"post_meta\">\t\t\t\t\t\t<span class=\"teste post_meta_item post_date\"><a href=\"https:\/\/feiraecologica.com.br\/fae\/sabado-cultural-na-feira-fae-e-goethe-institut-promovem-apresentacoes-gratuitas-da-orquestra-villa-lobos-e-do-nic-mulheres-palhacas\/\">9 de dezembro de 2021<\/a><\/span>\n\t\t\t\t\t\t <a href=\"https:\/\/feiraecologica.com.br\/fae\/sabado-cultural-na-feira-fae-e-goethe-institut-promovem-apresentacoes-gratuitas-da-orquestra-villa-lobos-e-do-nic-mulheres-palhacas\/#respond\" class=\"post_meta_item post_counters_item post_counters_comments trx_addons_icon-comment\"><span class=\"post_counters_number\">0<\/span><span class=\"post_counters_label\">Coment\u00e1rios<\/span><\/a> <\/div><!-- .post_meta --><div class=\"post_featured with_thumb hover_icon sc_blogger_item_featured\"><img loading=\"lazy\" decoding=\"async\" width=\"555\" height=\"375\" src=\"https:\/\/feiraecologica.com.br\/fae\/wp-content\/uploads\/2021\/12\/post-blog-banner-555x375.png\" class=\"attachment-vincentes-thumb-med size-vincentes-thumb-med wp-post-image\" alt=\"S\u00e1bado Cultural na Feira: FAE e Goethe-Institut promovem apresenta\u00e7\u00f5es gratuitas da Orquestra Villa Lobos e do NIC \u2013 Mulheres Palha\u00e7as\" srcset=\"https:\/\/feiraecologica.com.br\/fae\/wp-content\/uploads\/2021\/12\/post-blog-banner-555x375.png 555w, https:\/\/feiraecologica.com.br\/fae\/wp-content\/uploads\/2021\/12\/post-blog-banner-1110x750.png 1110w\" sizes=\"auto, (max-width: 555px) 100vw, 555px\" \/><div class=\"mask\"><\/div><div class=\"icons\"><a href=\"https:\/\/feiraecologica.com.br\/fae\/sabado-cultural-na-feira-fae-e-goethe-institut-promovem-apresentacoes-gratuitas-da-orquestra-villa-lobos-e-do-nic-mulheres-palhacas\/\" aria-hidden=\"true\" class=\"icon-chain\"><\/a><\/div><\/div><div class=\"sc_blogger_item_content entry-content\"><div class=\"sc_blogger_item_header entry-header\"><h5 class=\"sc_blogger_item_title entry-title\"><a href=\"https:\/\/feiraecologica.com.br\/fae\/sabado-cultural-na-feira-fae-e-goethe-institut-promovem-apresentacoes-gratuitas-da-orquestra-villa-lobos-e-do-nic-mulheres-palhacas\/\" rel=\"bookmark\">S\u00e1bado Cultural na Feira: FAE e Goethe-Institut promovem apresenta\u00e7\u00f5es gratuitas da Orquestra Villa Lobos e do NIC \u2013 Mulheres Palha\u00e7as<\/a><\/h5><\/div><!-- .entry-header --><\/div><!-- .entry-content --><\/div><!-- .sc_blogger_item --><\/div><div class=\"trx_addons_column-1_3\"><div class=\"sc_blogger_item post_format_standard post-2113 post type-post status-publish format-standard has-post-thumbnail hentry category-noticias\"><div class=\"post_meta\">\t\t\t\t\t\t<span class=\"teste post_meta_item post_date\"><a href=\"https:\/\/feiraecologica.com.br\/fae\/fae-na-radio-universidade-respira-cultura-t02e34-eco-cultura\/\">22 de outubro de 2021<\/a><\/span>\n\t\t\t\t\t\t <a href=\"https:\/\/feiraecologica.com.br\/fae\/fae-na-radio-universidade-respira-cultura-t02e34-eco-cultura\/#respond\" class=\"post_meta_item post_counters_item post_counters_comments trx_addons_icon-comment\"><span class=\"post_counters_number\">0<\/span><span class=\"post_counters_label\">Coment\u00e1rios<\/span><\/a> <\/div><!-- .post_meta --><div class=\"post_featured with_thumb hover_icon sc_blogger_item_featured\"><img loading=\"lazy\" decoding=\"async\" width=\"555\" height=\"375\" src=\"https:\/\/feiraecologica.com.br\/fae\/wp-content\/uploads\/2021\/10\/Ilustracao-de-Dani-Eizirik_Foto-de-Camila-Torres-Brum-768x1024-1-555x375.jpeg\" class=\"attachment-vincentes-thumb-med size-vincentes-thumb-med wp-post-image\" alt=\"FAE na R\u00e1dio Universidade ~ Respira Cultura t02e34 | Eco Cultura\" \/><div class=\"mask\"><\/div><div class=\"icons\"><a href=\"https:\/\/feiraecologica.com.br\/fae\/fae-na-radio-universidade-respira-cultura-t02e34-eco-cultura\/\" aria-hidden=\"true\" class=\"icon-chain\"><\/a><\/div><\/div><div class=\"sc_blogger_item_content entry-content\"><div class=\"sc_blogger_item_header entry-header\"><h5 class=\"sc_blogger_item_title entry-title\"><a href=\"https:\/\/feiraecologica.com.br\/fae\/fae-na-radio-universidade-respira-cultura-t02e34-eco-cultura\/\" rel=\"bookmark\">FAE na R\u00e1dio Universidade ~ Respira Cultura t02e34 | Eco Cultura<\/a><\/h5><\/div><!-- .entry-header --><\/div><!-- .entry-content --><\/div><!-- .sc_blogger_item --><\/div><div class=\"trx_addons_column-1_3\"><div class=\"sc_blogger_item post_format_standard post-2100 post type-post status-publish format-standard has-post-thumbnail hentry category-eventos category-noticias\"><div class=\"post_meta\">\t\t\t\t\t\t<span class=\"teste post_meta_item post_date\"><a href=\"https:\/\/feiraecologica.com.br\/fae\/1a-feira-ecologica-do-brasil-comemora-32-anos\/\">13 de outubro de 2021<\/a><\/span>\n\t\t\t\t\t\t <a href=\"https:\/\/feiraecologica.com.br\/fae\/1a-feira-ecologica-do-brasil-comemora-32-anos\/#respond\" class=\"post_meta_item post_counters_item post_counters_comments trx_addons_icon-comment\"><span class=\"post_counters_number\">0<\/span><span class=\"post_counters_label\">Coment\u00e1rios<\/span><\/a> <\/div><!-- .post_meta --><div class=\"post_featured with_thumb hover_icon sc_blogger_item_featured\"><img loading=\"lazy\" decoding=\"async\" width=\"555\" height=\"375\" src=\"https:\/\/feiraecologica.com.br\/fae\/wp-content\/uploads\/2021\/10\/Design-sem-nome-3-555x375.png\" class=\"attachment-vincentes-thumb-med size-vincentes-thumb-med wp-post-image\" alt=\"1\u00aa Feira Ecol\u00f3gica do Brasil comemora 32 anos\" srcset=\"https:\/\/feiraecologica.com.br\/fae\/wp-content\/uploads\/2021\/10\/Design-sem-nome-3-555x375.png 555w, https:\/\/feiraecologica.com.br\/fae\/wp-content\/uploads\/2021\/10\/Design-sem-nome-3-1110x750.png 1110w\" sizes=\"auto, (max-width: 555px) 100vw, 555px\" \/><div class=\"mask\"><\/div><div class=\"icons\"><a href=\"https:\/\/feiraecologica.com.br\/fae\/1a-feira-ecologica-do-brasil-comemora-32-anos\/\" aria-hidden=\"true\" class=\"icon-chain\"><\/a><\/div><\/div><div class=\"sc_blogger_item_content entry-content\"><div class=\"sc_blogger_item_header entry-header\"><h5 class=\"sc_blogger_item_title entry-title\"><a href=\"https:\/\/feiraecologica.com.br\/fae\/1a-feira-ecologica-do-brasil-comemora-32-anos\/\" rel=\"bookmark\">1\u00aa Feira Ecol\u00f3gica do Brasil comemora 32 anos<\/a><\/h5><\/div><!-- .entry-header --><\/div><!-- .entry-content --><\/div><!-- .sc_blogger_item --><\/div><div class=\"trx_addons_column-1_3\"><div class=\"sc_blogger_item post_format_standard post-2089 post type-post status-publish format-standard has-post-thumbnail hentry category-noticias\"><div class=\"post_meta\">\t\t\t\t\t\t<span class=\"teste post_meta_item post_date\"><a href=\"https:\/\/feiraecologica.com.br\/fae\/o-livro-nostureza-de-fernanda-poletto-tera-lancamento-na-fae-dia-09-de-outubro\/\">6 de outubro de 2021<\/a><\/span>\n\t\t\t\t\t\t <a href=\"https:\/\/feiraecologica.com.br\/fae\/o-livro-nostureza-de-fernanda-poletto-tera-lancamento-na-fae-dia-09-de-outubro\/#respond\" class=\"post_meta_item post_counters_item post_counters_comments trx_addons_icon-comment\"><span class=\"post_counters_number\">0<\/span><span class=\"post_counters_label\">Coment\u00e1rios<\/span><\/a> <\/div><!-- .post_meta --><div class=\"post_featured with_thumb hover_icon sc_blogger_item_featured\"><img loading=\"lazy\" decoding=\"async\" width=\"555\" height=\"375\" src=\"https:\/\/feiraecologica.com.br\/fae\/wp-content\/uploads\/2021\/10\/Credito-Cristiane-Cubas-555x375.jpg\" class=\"attachment-vincentes-thumb-med size-vincentes-thumb-med wp-post-image\" alt=\"O livro \u201cN\u00f3stureza\u201d, de Fernanda Poletto, ter\u00e1 lan\u00e7amento na FAE dia 09 de outubro.\" srcset=\"https:\/\/feiraecologica.com.br\/fae\/wp-content\/uploads\/2021\/10\/Credito-Cristiane-Cubas-555x375.jpg 555w, https:\/\/feiraecologica.com.br\/fae\/wp-content\/uploads\/2021\/10\/Credito-Cristiane-Cubas-1110x750.jpg 1110w\" sizes=\"auto, (max-width: 555px) 100vw, 555px\" \/><div class=\"mask\"><\/div><div class=\"icons\"><a href=\"https:\/\/feiraecologica.com.br\/fae\/o-livro-nostureza-de-fernanda-poletto-tera-lancamento-na-fae-dia-09-de-outubro\/\" aria-hidden=\"true\" class=\"icon-chain\"><\/a><\/div><\/div><div class=\"sc_blogger_item_content entry-content\"><div class=\"sc_blogger_item_header entry-header\"><h5 class=\"sc_blogger_item_title entry-title\"><a href=\"https:\/\/feiraecologica.com.br\/fae\/o-livro-nostureza-de-fernanda-poletto-tera-lancamento-na-fae-dia-09-de-outubro\/\" rel=\"bookmark\">O livro \u201cN\u00f3stureza\u201d, de Fernanda Poletto, ter\u00e1 lan\u00e7amento na FAE dia 09 de outubro.<\/a><\/h5><\/div><!-- .entry-header --><\/div><!-- .entry-content --><\/div><!-- .sc_blogger_item --><\/div><div class=\"trx_addons_column-1_3\"><div class=\"sc_blogger_item post_format_standard post-2083 post type-post status-publish format-standard has-post-thumbnail hentry category-noticias\"><div class=\"post_meta\">\t\t\t\t\t\t<span class=\"teste post_meta_item post_date\"><a href=\"https:\/\/feiraecologica.com.br\/fae\/lancamento-do-poster-comemorativo-de-32-anos-da-fae-e-podcast-maos-a-terra\/\">23 de setembro de 2021<\/a><\/span>\n\t\t\t\t\t\t <a href=\"https:\/\/feiraecologica.com.br\/fae\/lancamento-do-poster-comemorativo-de-32-anos-da-fae-e-podcast-maos-a-terra\/#respond\" class=\"post_meta_item post_counters_item post_counters_comments trx_addons_icon-comment\"><span class=\"post_counters_number\">0<\/span><span class=\"post_counters_label\">Coment\u00e1rios<\/span><\/a> <\/div><!-- .post_meta --><div class=\"post_featured with_thumb hover_icon sc_blogger_item_featured\"><img loading=\"lazy\" decoding=\"async\" width=\"555\" height=\"375\" src=\"https:\/\/feiraecologica.com.br\/fae\/wp-content\/uploads\/2021\/09\/WhatsApp-Image-2021-09-22-at-21.46.44-555x375.jpeg\" class=\"attachment-vincentes-thumb-med size-vincentes-thumb-med wp-post-image\" alt=\"Lan\u00e7amento do p\u00f4ster comemorativo de 32 anos da FAE e podcast ~ M\u00e3os \u00e0 Terra\" \/><div class=\"mask\"><\/div><div class=\"icons\"><a href=\"https:\/\/feiraecologica.com.br\/fae\/lancamento-do-poster-comemorativo-de-32-anos-da-fae-e-podcast-maos-a-terra\/\" aria-hidden=\"true\" class=\"icon-chain\"><\/a><\/div><\/div><div class=\"sc_blogger_item_content entry-content\"><div class=\"sc_blogger_item_header entry-header\"><h5 class=\"sc_blogger_item_title entry-title\"><a href=\"https:\/\/feiraecologica.com.br\/fae\/lancamento-do-poster-comemorativo-de-32-anos-da-fae-e-podcast-maos-a-terra\/\" rel=\"bookmark\">Lan\u00e7amento do p\u00f4ster comemorativo de 32 anos da FAE e podcast ~ M\u00e3os \u00e0 Terra<\/a><\/h5><\/div><!-- .entry-header --><\/div><!-- .entry-content --><\/div><!-- .sc_blogger_item --><\/div><div class=\"trx_addons_column-1_3\"><div class=\"sc_blogger_item post_format_standard post-2073 post type-post status-publish format-standard has-post-thumbnail hentry category-eventos category-noticias\"><div class=\"post_meta\">\t\t\t\t\t\t<span class=\"teste post_meta_item post_date\"><a href=\"https:\/\/feiraecologica.com.br\/fae\/lancamento-livro-bilingue-reune-desenhos-e-historias-da-cultura-guarani\/\">2 de setembro de 2021<\/a><\/span>\n\t\t\t\t\t\t <a href=\"https:\/\/feiraecologica.com.br\/fae\/lancamento-livro-bilingue-reune-desenhos-e-historias-da-cultura-guarani\/#respond\" class=\"post_meta_item post_counters_item post_counters_comments trx_addons_icon-comment\"><span class=\"post_counters_number\">0<\/span><span class=\"post_counters_label\">Coment\u00e1rios<\/span><\/a> <\/div><!-- .post_meta --><div class=\"post_featured with_thumb hover_icon sc_blogger_item_featured\"><img loading=\"lazy\" decoding=\"async\" width=\"555\" height=\"375\" src=\"https:\/\/feiraecologica.com.br\/fae\/wp-content\/uploads\/2021\/09\/Nhemombarate-Reko-Rai-capa-Jose-Vera-cred.-Divulgacao-corte-e1630593681979-555x375.jpg\" class=\"attachment-vincentes-thumb-med size-vincentes-thumb-med wp-post-image\" alt=\"Lan\u00e7amento ~ Livro bil\u00edngue re\u00fane Desenhos e Hist\u00f3rias da Cultura Guarani\" srcset=\"https:\/\/feiraecologica.com.br\/fae\/wp-content\/uploads\/2021\/09\/Nhemombarate-Reko-Rai-capa-Jose-Vera-cred.-Divulgacao-corte-e1630593681979-555x375.jpg 555w, https:\/\/feiraecologica.com.br\/fae\/wp-content\/uploads\/2021\/09\/Nhemombarate-Reko-Rai-capa-Jose-Vera-cred.-Divulgacao-corte-e1630593681979-1110x750.jpg 1110w\" sizes=\"auto, (max-width: 555px) 100vw, 555px\" \/><div class=\"mask\"><\/div><div class=\"icons\"><a href=\"https:\/\/feiraecologica.com.br\/fae\/lancamento-livro-bilingue-reune-desenhos-e-historias-da-cultura-guarani\/\" aria-hidden=\"true\" class=\"icon-chain\"><\/a><\/div><\/div><div class=\"sc_blogger_item_content entry-content\"><div class=\"sc_blogger_item_header entry-header\"><h5 class=\"sc_blogger_item_title entry-title\"><a href=\"https:\/\/feiraecologica.com.br\/fae\/lancamento-livro-bilingue-reune-desenhos-e-historias-da-cultura-guarani\/\" rel=\"bookmark\">Lan\u00e7amento ~ Livro bil\u00edngue re\u00fane Desenhos e Hist\u00f3rias da Cultura Guarani<\/a><\/h5><\/div><!-- .entry-header --><\/div><!-- .entry-content --><\/div><!-- .sc_blogger_item --><\/div><div class=\"trx_addons_column-1_3\"><div class=\"sc_blogger_item post_format_standard post-2054 post type-post status-publish format-standard has-post-thumbnail hentry category-eventos category-noticias category-solidariedade\"><div class=\"post_meta\">\t\t\t\t\t\t<span class=\"teste post_meta_item post_date\"><a href=\"https:\/\/feiraecologica.com.br\/fae\/lancamento-do-livro-mas-se-a-gente-e-o-que-come-quem-nao-come-nada-some-de-ana-mattos\/\">12 de agosto de 2021<\/a><\/span>\n\t\t\t\t\t\t <a href=\"https:\/\/feiraecologica.com.br\/fae\/lancamento-do-livro-mas-se-a-gente-e-o-que-come-quem-nao-come-nada-some-de-ana-mattos\/#respond\" class=\"post_meta_item post_counters_item post_counters_comments trx_addons_icon-comment\"><span class=\"post_counters_number\">0<\/span><span class=\"post_counters_label\">Coment\u00e1rios<\/span><\/a> <\/div><!-- .post_meta --><div class=\"post_featured with_thumb hover_icon sc_blogger_item_featured\"><img loading=\"lazy\" decoding=\"async\" width=\"555\" height=\"375\" src=\"https:\/\/feiraecologica.com.br\/fae\/wp-content\/uploads\/2021\/08\/60c9cd264a9d0-555x375.jpeg\" class=\"attachment-vincentes-thumb-med size-vincentes-thumb-med wp-post-image\" alt=\"Lan\u00e7amento do livro &#8220;MAS, SE A GENTE \u00c9 O QUE COME, QUEM N\u00c3O COME NADA, SOME&#8221;, de Ana Mattos\" \/><div class=\"mask\"><\/div><div class=\"icons\"><a href=\"https:\/\/feiraecologica.com.br\/fae\/lancamento-do-livro-mas-se-a-gente-e-o-que-come-quem-nao-come-nada-some-de-ana-mattos\/\" aria-hidden=\"true\" class=\"icon-chain\"><\/a><\/div><\/div><div class=\"sc_blogger_item_content entry-content\"><div class=\"sc_blogger_item_header entry-header\"><h5 class=\"sc_blogger_item_title entry-title\"><a href=\"https:\/\/feiraecologica.com.br\/fae\/lancamento-do-livro-mas-se-a-gente-e-o-que-come-quem-nao-come-nada-some-de-ana-mattos\/\" rel=\"bookmark\">Lan\u00e7amento do livro &#8220;MAS, SE A GENTE \u00c9 O QUE COME, QUEM N\u00c3O COME NADA, SOME&#8221;, de Ana Mattos<\/a><\/h5><\/div><!-- .entry-header --><\/div><!-- .entry-content --><\/div><!-- .sc_blogger_item --><\/div><div class=\"trx_addons_column-1_3\"><div class=\"sc_blogger_item post_format_standard post-2046 post type-post status-publish format-standard has-post-thumbnail hentry category-eventos category-noticias category-solidariedade tag-acoes-sociais tag-comer-e-um-ato-politico\"><div class=\"post_meta\">\t\t\t\t\t\t<span class=\"teste post_meta_item post_date\"><a href=\"https:\/\/feiraecologica.com.br\/fae\/acao-com-promotoras-legais-populares-na-fae-marca-15-anos-da-lei-maria-da-penha\/\">6 de agosto de 2021<\/a><\/span>\n\t\t\t\t\t\t <a href=\"https:\/\/feiraecologica.com.br\/fae\/acao-com-promotoras-legais-populares-na-fae-marca-15-anos-da-lei-maria-da-penha\/#respond\" class=\"post_meta_item post_counters_item post_counters_comments trx_addons_icon-comment\"><span class=\"post_counters_number\">0<\/span><span class=\"post_counters_label\">Coment\u00e1rios<\/span><\/a> <\/div><!-- .post_meta --><div class=\"post_featured with_thumb hover_icon sc_blogger_item_featured\"><img loading=\"lazy\" decoding=\"async\" width=\"555\" height=\"375\" src=\"https:\/\/feiraecologica.com.br\/fae\/wp-content\/uploads\/2021\/08\/ML-THEMIS-MUTUA-FAE-07-AGOSTO-e1628255195650-555x375.png\" class=\"attachment-vincentes-thumb-med size-vincentes-thumb-med wp-post-image\" alt=\"A\u00e7\u00e3o com Promotoras Legais Populares na FAE marca 15 anos da Lei Maria da Penha\" \/><div class=\"mask\"><\/div><div class=\"icons\"><a href=\"https:\/\/feiraecologica.com.br\/fae\/acao-com-promotoras-legais-populares-na-fae-marca-15-anos-da-lei-maria-da-penha\/\" aria-hidden=\"true\" class=\"icon-chain\"><\/a><\/div><\/div><div class=\"sc_blogger_item_content entry-content\"><div class=\"sc_blogger_item_header entry-header\"><h5 class=\"sc_blogger_item_title entry-title\"><a href=\"https:\/\/feiraecologica.com.br\/fae\/acao-com-promotoras-legais-populares-na-fae-marca-15-anos-da-lei-maria-da-penha\/\" rel=\"bookmark\">A\u00e7\u00e3o com Promotoras Legais Populares na FAE marca 15 anos da Lei Maria da Penha<\/a><\/h5><\/div><!-- .entry-header --><\/div><!-- .entry-content --><\/div><!-- .sc_blogger_item --><\/div><div class=\"trx_addons_column-1_3\"><div class=\"sc_blogger_item post_format_standard post-2038 post type-post status-publish format-standard has-post-thumbnail hentry category-noticias\"><div class=\"post_meta\">\t\t\t\t\t\t<span class=\"teste post_meta_item post_date\"><a href=\"https:\/\/feiraecologica.com.br\/fae\/porto-alegre-ganha-feira-ecologica-online\/\">15 de julho de 2021<\/a><\/span>\n\t\t\t\t\t\t <a href=\"https:\/\/feiraecologica.com.br\/fae\/porto-alegre-ganha-feira-ecologica-online\/#respond\" class=\"post_meta_item post_counters_item post_counters_comments trx_addons_icon-comment\"><span class=\"post_counters_number\">0<\/span><span class=\"post_counters_label\">Coment\u00e1rios<\/span><\/a> <\/div><!-- .post_meta --><div class=\"post_featured with_thumb hover_icon sc_blogger_item_featured\"><img loading=\"lazy\" decoding=\"async\" width=\"555\" height=\"375\" src=\"https:\/\/feiraecologica.com.br\/fae\/wp-content\/uploads\/2021\/07\/feed-lancamento-card-1-carrossel-555x375.png\" class=\"attachment-vincentes-thumb-med size-vincentes-thumb-med wp-post-image\" alt=\"Porto Alegre ganha Feira Ecol\u00f3gica Online\" \/><div class=\"mask\"><\/div><div class=\"icons\"><a href=\"https:\/\/feiraecologica.com.br\/fae\/porto-alegre-ganha-feira-ecologica-online\/\" aria-hidden=\"true\" class=\"icon-chain\"><\/a><\/div><\/div><div class=\"sc_blogger_item_content entry-content\"><div class=\"sc_blogger_item_header entry-header\"><h5 class=\"sc_blogger_item_title entry-title\"><a href=\"https:\/\/feiraecologica.com.br\/fae\/porto-alegre-ganha-feira-ecologica-online\/\" rel=\"bookmark\">Porto Alegre ganha Feira Ecol\u00f3gica Online<\/a><\/h5><\/div><!-- .entry-header --><\/div><!-- .entry-content --><\/div><!-- .sc_blogger_item --><\/div><div class=\"trx_addons_column-1_3\"><div class=\"sc_blogger_item post_format_standard post-2012 post type-post status-publish format-standard has-post-thumbnail hentry category-noticias\"><div class=\"post_meta\">\t\t\t\t\t\t<span class=\"teste post_meta_item post_date\"><a href=\"https:\/\/feiraecologica.com.br\/fae\/vozes-da-agricultura-ecologica-cap-2-olimar-pontel\/\">30 de junho de 2021<\/a><\/span>\n\t\t\t\t\t\t <a href=\"https:\/\/feiraecologica.com.br\/fae\/vozes-da-agricultura-ecologica-cap-2-olimar-pontel\/#respond\" class=\"post_meta_item post_counters_item post_counters_comments trx_addons_icon-comment\"><span class=\"post_counters_number\">0<\/span><span class=\"post_counters_label\">Coment\u00e1rios<\/span><\/a> <\/div><!-- .post_meta --><div class=\"post_featured with_thumb hover_icon sc_blogger_item_featured\"><img loading=\"lazy\" decoding=\"async\" width=\"555\" height=\"375\" src=\"https:\/\/feiraecologica.com.br\/fae\/wp-content\/uploads\/2021\/06\/3b9ee8ce27f84123be7f54362a10adf1-0001-scaled-e1625082745478-555x375.jpg\" class=\"attachment-vincentes-thumb-med size-vincentes-thumb-med wp-post-image\" alt=\"Vozes da Agricultura Ecol\u00f3gica &#8211; Cap. 2: Olimar Pontel\" srcset=\"https:\/\/feiraecologica.com.br\/fae\/wp-content\/uploads\/2021\/06\/3b9ee8ce27f84123be7f54362a10adf1-0001-scaled-e1625082745478-555x375.jpg 555w, https:\/\/feiraecologica.com.br\/fae\/wp-content\/uploads\/2021\/06\/3b9ee8ce27f84123be7f54362a10adf1-0001-scaled-e1625082745478-1110x750.jpg 1110w\" sizes=\"auto, (max-width: 555px) 100vw, 555px\" \/><div class=\"mask\"><\/div><div class=\"icons\"><a href=\"https:\/\/feiraecologica.com.br\/fae\/vozes-da-agricultura-ecologica-cap-2-olimar-pontel\/\" aria-hidden=\"true\" class=\"icon-chain\"><\/a><\/div><\/div><div class=\"sc_blogger_item_content entry-content\"><div class=\"sc_blogger_item_header entry-header\"><h5 class=\"sc_blogger_item_title entry-title\"><a href=\"https:\/\/feiraecologica.com.br\/fae\/vozes-da-agricultura-ecologica-cap-2-olimar-pontel\/\" rel=\"bookmark\">Vozes da Agricultura Ecol\u00f3gica &#8211; Cap. 2: Olimar Pontel<\/a><\/h5><\/div><!-- .entry-header --><\/div><!-- .entry-content --><\/div><!-- .sc_blogger_item --><\/div><div class=\"trx_addons_column-1_3\"><div class=\"sc_blogger_item post_format_standard post-2004 post type-post status-publish format-standard has-post-thumbnail hentry category-noticias\"><div class=\"post_meta\">\t\t\t\t\t\t<span class=\"teste post_meta_item post_date\"><a href=\"https:\/\/feiraecologica.com.br\/fae\/conversas-cidadas-estreia-em-2021-discutindo-alimentacao-e-agronegocio\/\">20 de junho de 2021<\/a><\/span>\n\t\t\t\t\t\t <a href=\"https:\/\/feiraecologica.com.br\/fae\/conversas-cidadas-estreia-em-2021-discutindo-alimentacao-e-agronegocio\/#respond\" class=\"post_meta_item post_counters_item post_counters_comments trx_addons_icon-comment\"><span class=\"post_counters_number\">0<\/span><span class=\"post_counters_label\">Coment\u00e1rios<\/span><\/a> <\/div><!-- .post_meta --><div class=\"post_featured with_thumb hover_icon sc_blogger_item_featured\"><img loading=\"lazy\" decoding=\"async\" width=\"555\" height=\"375\" src=\"https:\/\/feiraecologica.com.br\/fae\/wp-content\/uploads\/2021\/06\/Card-Nome-Episodio-555x375.jpg\" class=\"attachment-vincentes-thumb-med size-vincentes-thumb-med wp-post-image\" alt=\"Conversas Cidad\u00e3s estreia em 2021 discutindo Alimenta\u00e7\u00e3o e Agroneg\u00f3cio\" srcset=\"https:\/\/feiraecologica.com.br\/fae\/wp-content\/uploads\/2021\/06\/Card-Nome-Episodio-555x375.jpg 555w, https:\/\/feiraecologica.com.br\/fae\/wp-content\/uploads\/2021\/06\/Card-Nome-Episodio-1110x750.jpg 1110w\" sizes=\"auto, (max-width: 555px) 100vw, 555px\" \/><div class=\"mask\"><\/div><div class=\"icons\"><a href=\"https:\/\/feiraecologica.com.br\/fae\/conversas-cidadas-estreia-em-2021-discutindo-alimentacao-e-agronegocio\/\" aria-hidden=\"true\" class=\"icon-chain\"><\/a><\/div><\/div><div class=\"sc_blogger_item_content entry-content\"><div class=\"sc_blogger_item_header entry-header\"><h5 class=\"sc_blogger_item_title entry-title\"><a href=\"https:\/\/feiraecologica.com.br\/fae\/conversas-cidadas-estreia-em-2021-discutindo-alimentacao-e-agronegocio\/\" rel=\"bookmark\">Conversas Cidad\u00e3s estreia em 2021 discutindo Alimenta\u00e7\u00e3o e Agroneg\u00f3cio<\/a><\/h5><\/div><!-- .entry-header --><\/div><!-- .entry-content --><\/div><!-- .sc_blogger_item --><\/div><div class=\"trx_addons_column-1_3\"><div class=\"sc_blogger_item post_format_standard post-1968 post type-post status-publish format-standard has-post-thumbnail hentry category-receitas\"><div class=\"post_meta\">\t\t\t\t\t\t<span class=\"teste post_meta_item post_date\"><a href=\"https:\/\/feiraecologica.com.br\/fae\/desafio-do-mel-por-quinta-da-passiflora\/\">18 de junho de 2021<\/a><\/span>\n\t\t\t\t\t\t <a href=\"https:\/\/feiraecologica.com.br\/fae\/desafio-do-mel-por-quinta-da-passiflora\/#respond\" class=\"post_meta_item post_counters_item post_counters_comments trx_addons_icon-comment\"><span class=\"post_counters_number\">0<\/span><span class=\"post_counters_label\">Coment\u00e1rios<\/span><\/a> <\/div><!-- .post_meta --><div class=\"post_featured with_thumb hover_icon sc_blogger_item_featured\"><img loading=\"lazy\" decoding=\"async\" width=\"555\" height=\"375\" src=\"https:\/\/feiraecologica.com.br\/fae\/wp-content\/uploads\/2021\/06\/0.1.-abertura-e1624040715730-555x375.jpg\" class=\"attachment-vincentes-thumb-med size-vincentes-thumb-med wp-post-image\" alt=\"DESAFIO DO MEL por Quinta da Passiflora\" srcset=\"https:\/\/feiraecologica.com.br\/fae\/wp-content\/uploads\/2021\/06\/0.1.-abertura-e1624040715730-555x375.jpg 555w, https:\/\/feiraecologica.com.br\/fae\/wp-content\/uploads\/2021\/06\/0.1.-abertura-e1624040715730-1110x750.jpg 1110w\" sizes=\"auto, (max-width: 555px) 100vw, 555px\" \/><div class=\"mask\"><\/div><div class=\"icons\"><a href=\"https:\/\/feiraecologica.com.br\/fae\/desafio-do-mel-por-quinta-da-passiflora\/\" aria-hidden=\"true\" class=\"icon-chain\"><\/a><\/div><\/div><div class=\"sc_blogger_item_content entry-content\"><div class=\"sc_blogger_item_header entry-header\"><h5 class=\"sc_blogger_item_title entry-title\"><a href=\"https:\/\/feiraecologica.com.br\/fae\/desafio-do-mel-por-quinta-da-passiflora\/\" rel=\"bookmark\">DESAFIO DO MEL por Quinta da Passiflora<\/a><\/h5><\/div><!-- .entry-header --><\/div><!-- .entry-content --><\/div><!-- .sc_blogger_item --><\/div><div class=\"trx_addons_column-1_3\"><div class=\"sc_blogger_item post_format_standard post-1957 post type-post status-publish format-standard has-post-thumbnail hentry category-eventos category-noticias tag-curso tag-divulgacao tag-sebastiao-pinheiro tag-solo\"><div class=\"post_meta\">\t\t\t\t\t\t<span class=\"teste post_meta_item post_date\"><a href=\"https:\/\/feiraecologica.com.br\/fae\/curso-sebastiao-pinheiro\/\">7 de junho de 2021<\/a><\/span>\n\t\t\t\t\t\t <a href=\"https:\/\/feiraecologica.com.br\/fae\/curso-sebastiao-pinheiro\/#respond\" class=\"post_meta_item post_counters_item post_counters_comments trx_addons_icon-comment\"><span class=\"post_counters_number\">0<\/span><span class=\"post_counters_label\">Coment\u00e1rios<\/span><\/a> <\/div><!-- .post_meta --><div class=\"post_featured with_thumb hover_icon sc_blogger_item_featured\"><img loading=\"lazy\" decoding=\"async\" width=\"555\" height=\"375\" src=\"https:\/\/feiraecologica.com.br\/fae\/wp-content\/uploads\/2021\/06\/WhatsApp-Image-2021-06-07-at-06.24.15-e1623081759677-555x375.jpeg\" class=\"attachment-vincentes-thumb-med size-vincentes-thumb-med wp-post-image\" alt=\"SOLO SADIO, PLANTA S\u00c3, COMIDA SAUD\u00c1VEL, NOOESFERA &#8211; Curso do Sebasti\u00e3o Pinheiro\" \/><div class=\"mask\"><\/div><div class=\"icons\"><a href=\"https:\/\/feiraecologica.com.br\/fae\/curso-sebastiao-pinheiro\/\" aria-hidden=\"true\" class=\"icon-chain\"><\/a><\/div><\/div><div class=\"sc_blogger_item_content entry-content\"><div class=\"sc_blogger_item_header entry-header\"><h5 class=\"sc_blogger_item_title entry-title\"><a href=\"https:\/\/feiraecologica.com.br\/fae\/curso-sebastiao-pinheiro\/\" rel=\"bookmark\">SOLO SADIO, PLANTA S\u00c3, COMIDA SAUD\u00c1VEL, NOOESFERA &#8211; Curso do Sebasti\u00e3o Pinheiro<\/a><\/h5><\/div><!-- .entry-header --><\/div><!-- .entry-content --><\/div><!-- .sc_blogger_item --><\/div><div class=\"trx_addons_column-1_3\"><div class=\"sc_blogger_item post_format_standard post-1952 post type-post status-publish format-standard has-post-thumbnail hentry category-eventos category-noticias tag-dia-mundial-do-meio-ambiente tag-fae tag-instituto-goethe tag-lixo-zero\"><div class=\"post_meta\">\t\t\t\t\t\t<span class=\"teste post_meta_item post_date\"><a href=\"https:\/\/feiraecologica.com.br\/fae\/feiras-ecologicas-da-redencao-e-instituto-goethe\/\">4 de junho de 2021<\/a><\/span>\n\t\t\t\t\t\t <a href=\"https:\/\/feiraecologica.com.br\/fae\/feiras-ecologicas-da-redencao-e-instituto-goethe\/#respond\" class=\"post_meta_item post_counters_item post_counters_comments trx_addons_icon-comment\"><span class=\"post_counters_number\">0<\/span><span class=\"post_counters_label\">Coment\u00e1rios<\/span><\/a> <\/div><!-- .post_meta --><div class=\"post_featured with_thumb hover_icon sc_blogger_item_featured\"><img loading=\"lazy\" decoding=\"async\" width=\"555\" height=\"375\" src=\"https:\/\/feiraecologica.com.br\/fae\/wp-content\/uploads\/2021\/06\/WhatsApp-Image-2021-05-31-at-16.49.38-555x375.jpeg\" class=\"attachment-vincentes-thumb-med size-vincentes-thumb-med wp-post-image\" alt=\"Feiras Ecol\u00f3gicas da Reden\u00e7\u00e3o celebram a marca hist\u00f3rica de embalagens que deixaram de ser distribu\u00eddas em dois anos de campanha de conscientiza\u00e7\u00e3o\" \/><div class=\"mask\"><\/div><div class=\"icons\"><a href=\"https:\/\/feiraecologica.com.br\/fae\/feiras-ecologicas-da-redencao-e-instituto-goethe\/\" aria-hidden=\"true\" class=\"icon-chain\"><\/a><\/div><\/div><div class=\"sc_blogger_item_content entry-content\"><div class=\"sc_blogger_item_header entry-header\"><h5 class=\"sc_blogger_item_title entry-title\"><a href=\"https:\/\/feiraecologica.com.br\/fae\/feiras-ecologicas-da-redencao-e-instituto-goethe\/\" rel=\"bookmark\">Feiras Ecol\u00f3gicas da Reden\u00e7\u00e3o celebram a marca hist\u00f3rica de embalagens que deixaram de ser distribu\u00eddas em dois anos de campanha de conscientiza\u00e7\u00e3o<\/a><\/h5><\/div><!-- .entry-header --><\/div><!-- .entry-content --><\/div><!-- .sc_blogger_item --><\/div><div class=\"trx_addons_column-1_3\"><div class=\"sc_blogger_item post_format_standard post-1937 post type-post status-publish format-standard has-post-thumbnail hentry category-noticias\"><div class=\"post_meta\">\t\t\t\t\t\t<span class=\"teste post_meta_item post_date\"><a href=\"https:\/\/feiraecologica.com.br\/fae\/o-espirito-da-feira-como-a-primeira-feira-ecologica-do-brasil-a-feira-dos-agricultores-ecologistas-em-porto-alegre-tornou-se-espaco-de-memorias-trocas-e-conexao\/\">31 de maio de 2021<\/a><\/span>\n\t\t\t\t\t\t <a href=\"https:\/\/feiraecologica.com.br\/fae\/o-espirito-da-feira-como-a-primeira-feira-ecologica-do-brasil-a-feira-dos-agricultores-ecologistas-em-porto-alegre-tornou-se-espaco-de-memorias-trocas-e-conexao\/#respond\" class=\"post_meta_item post_counters_item post_counters_comments trx_addons_icon-comment\"><span class=\"post_counters_number\">0<\/span><span class=\"post_counters_label\">Coment\u00e1rios<\/span><\/a> <\/div><!-- .post_meta --><div class=\"post_featured with_thumb hover_icon sc_blogger_item_featured\"><img loading=\"lazy\" decoding=\"async\" width=\"555\" height=\"375\" src=\"https:\/\/feiraecologica.com.br\/fae\/wp-content\/uploads\/2021\/05\/still6-555x375.jpg\" class=\"attachment-vincentes-thumb-med size-vincentes-thumb-med wp-post-image\" alt=\"O esp\u00edrito da feira: Como a primeira feira ecol\u00f3gica do Brasil \u2013 a Feira dos Agricultores Ecologistas, em Porto Alegre \u2013 tornou-se espa\u00e7o de mem\u00f3rias, trocas e conex\u00e3o.\" srcset=\"https:\/\/feiraecologica.com.br\/fae\/wp-content\/uploads\/2021\/05\/still6-555x375.jpg 555w, https:\/\/feiraecologica.com.br\/fae\/wp-content\/uploads\/2021\/05\/still6-1110x750.jpg 1110w\" sizes=\"auto, (max-width: 555px) 100vw, 555px\" \/><div class=\"mask\"><\/div><div class=\"icons\"><a href=\"https:\/\/feiraecologica.com.br\/fae\/o-espirito-da-feira-como-a-primeira-feira-ecologica-do-brasil-a-feira-dos-agricultores-ecologistas-em-porto-alegre-tornou-se-espaco-de-memorias-trocas-e-conexao\/\" aria-hidden=\"true\" class=\"icon-chain\"><\/a><\/div><\/div><div class=\"sc_blogger_item_content entry-content\"><div class=\"sc_blogger_item_header entry-header\"><h5 class=\"sc_blogger_item_title entry-title\"><a href=\"https:\/\/feiraecologica.com.br\/fae\/o-espirito-da-feira-como-a-primeira-feira-ecologica-do-brasil-a-feira-dos-agricultores-ecologistas-em-porto-alegre-tornou-se-espaco-de-memorias-trocas-e-conexao\/\" rel=\"bookmark\">O esp\u00edrito da feira: Como a primeira feira ecol\u00f3gica do Brasil \u2013 a Feira dos Agricultores Ecologistas, em Porto Alegre \u2013 tornou-se espa\u00e7o de mem\u00f3rias, trocas e conex\u00e3o.<\/a><\/h5><\/div><!-- .entry-header --><\/div><!-- .entry-content --><\/div><!-- .sc_blogger_item --><\/div><div class=\"trx_addons_column-1_3\"><div class=\"sc_blogger_item post_format_standard post-1920 post type-post status-publish format-standard has-post-thumbnail hentry category-noticias category-vida-saudavel\"><div class=\"post_meta\">\t\t\t\t\t\t<span class=\"teste post_meta_item post_date\"><a href=\"https:\/\/feiraecologica.com.br\/fae\/a-fae-feira-de-agricultores-ecologistas-de-porto-alegre-uma-historia-de-pioneirismo-e-ousadia\/\">20 de maio de 2021<\/a><\/span>\n\t\t\t\t\t\t <a href=\"https:\/\/feiraecologica.com.br\/fae\/a-fae-feira-de-agricultores-ecologistas-de-porto-alegre-uma-historia-de-pioneirismo-e-ousadia\/#respond\" class=\"post_meta_item post_counters_item post_counters_comments trx_addons_icon-comment\"><span class=\"post_counters_number\">0<\/span><span class=\"post_counters_label\">Coment\u00e1rios<\/span><\/a> <\/div><!-- .post_meta --><div class=\"post_featured with_thumb hover_icon sc_blogger_item_featured\"><img loading=\"lazy\" decoding=\"async\" width=\"555\" height=\"375\" src=\"https:\/\/feiraecologica.com.br\/fae\/wp-content\/uploads\/2021\/05\/vlcsnap-2019-05-27-18h57m27s470-e1621526566701-555x375.png\" class=\"attachment-vincentes-thumb-med size-vincentes-thumb-med wp-post-image\" alt=\"A FAE \u2013 Feira de Agricultores Ecologistas, de Porto Alegre \u2013 Uma hist\u00f3ria de pioneirismo e ousadia.\" srcset=\"https:\/\/feiraecologica.com.br\/fae\/wp-content\/uploads\/2021\/05\/vlcsnap-2019-05-27-18h57m27s470-e1621526566701-555x375.png 555w, https:\/\/feiraecologica.com.br\/fae\/wp-content\/uploads\/2021\/05\/vlcsnap-2019-05-27-18h57m27s470-e1621526566701-1110x750.png 1110w\" sizes=\"auto, (max-width: 555px) 100vw, 555px\" \/><div class=\"mask\"><\/div><div class=\"icons\"><a href=\"https:\/\/feiraecologica.com.br\/fae\/a-fae-feira-de-agricultores-ecologistas-de-porto-alegre-uma-historia-de-pioneirismo-e-ousadia\/\" aria-hidden=\"true\" class=\"icon-chain\"><\/a><\/div><\/div><div class=\"sc_blogger_item_content entry-content\"><div class=\"sc_blogger_item_header entry-header\"><h5 class=\"sc_blogger_item_title entry-title\"><a href=\"https:\/\/feiraecologica.com.br\/fae\/a-fae-feira-de-agricultores-ecologistas-de-porto-alegre-uma-historia-de-pioneirismo-e-ousadia\/\" rel=\"bookmark\">A FAE \u2013 Feira de Agricultores Ecologistas, de Porto Alegre \u2013 Uma hist\u00f3ria de pioneirismo e ousadia.<\/a><\/h5><\/div><!-- .entry-header --><\/div><!-- .entry-content --><\/div><!-- .sc_blogger_item --><\/div><div class=\"trx_addons_column-1_3\"><div class=\"sc_blogger_item post_format_standard post-1765 post type-post status-publish format-standard has-post-thumbnail hentry category-noticias\"><div class=\"post_meta\">\t\t\t\t\t\t<span class=\"teste post_meta_item post_date\"><a href=\"https:\/\/feiraecologica.com.br\/fae\/feira-especial-de-final-de-ano-na-quinta-feira-24-e-31-de-dezembro\/\">15 de dezembro de 2020<\/a><\/span>\n\t\t\t\t\t\t <a href=\"https:\/\/feiraecologica.com.br\/fae\/feira-especial-de-final-de-ano-na-quinta-feira-24-e-31-de-dezembro\/#respond\" class=\"post_meta_item post_counters_item post_counters_comments trx_addons_icon-comment\"><span class=\"post_counters_number\">0<\/span><span class=\"post_counters_label\">Coment\u00e1rios<\/span><\/a> <\/div><!-- .post_meta --><div class=\"post_featured with_thumb hover_icon sc_blogger_item_featured\"><img loading=\"lazy\" decoding=\"async\" width=\"555\" height=\"375\" src=\"https:\/\/feiraecologica.com.br\/fae\/wp-content\/uploads\/2020\/12\/feira-natal-555x375.jpg\" class=\"attachment-vincentes-thumb-med size-vincentes-thumb-med wp-post-image\" alt=\"FEIRA ESPECIAL DE FINAL DE ANO: NA QUINTA-FEIRA, 24 E 31 DE DEZEMBRO\" srcset=\"https:\/\/feiraecologica.com.br\/fae\/wp-content\/uploads\/2020\/12\/feira-natal-555x375.jpg 555w, https:\/\/feiraecologica.com.br\/fae\/wp-content\/uploads\/2020\/12\/feira-natal-1110x750.jpg 1110w\" sizes=\"auto, (max-width: 555px) 100vw, 555px\" \/><div class=\"mask\"><\/div><div class=\"icons\"><a href=\"https:\/\/feiraecologica.com.br\/fae\/feira-especial-de-final-de-ano-na-quinta-feira-24-e-31-de-dezembro\/\" aria-hidden=\"true\" class=\"icon-chain\"><\/a><\/div><\/div><div class=\"sc_blogger_item_content entry-content\"><div class=\"sc_blogger_item_header entry-header\"><h5 class=\"sc_blogger_item_title entry-title\"><a href=\"https:\/\/feiraecologica.com.br\/fae\/feira-especial-de-final-de-ano-na-quinta-feira-24-e-31-de-dezembro\/\" rel=\"bookmark\">FEIRA ESPECIAL DE FINAL DE ANO: NA QUINTA-FEIRA, 24 E 31 DE DEZEMBRO<\/a><\/h5><\/div><!-- .entry-header --><\/div><!-- .entry-content --><\/div><!-- .sc_blogger_item --><\/div><div class=\"trx_addons_column-1_3\"><div class=\"sc_blogger_item post_format_standard post-1762 post type-post status-publish format-standard has-post-thumbnail hentry category-noticias\"><div class=\"post_meta\">\t\t\t\t\t\t<span class=\"teste post_meta_item post_date\"><a href=\"https:\/\/feiraecologica.com.br\/fae\/mais-vida-menos-veneno\/\">15 de dezembro de 2020<\/a><\/span>\n\t\t\t\t\t\t <a href=\"https:\/\/feiraecologica.com.br\/fae\/mais-vida-menos-veneno\/#respond\" class=\"post_meta_item post_counters_item post_counters_comments trx_addons_icon-comment\"><span class=\"post_counters_number\">0<\/span><span class=\"post_counters_label\">Coment\u00e1rios<\/span><\/a> <\/div><!-- .post_meta --><div class=\"post_featured with_thumb hover_icon sc_blogger_item_featured\"><img loading=\"lazy\" decoding=\"async\" width=\"555\" height=\"375\" src=\"https:\/\/feiraecologica.com.br\/fae\/wp-content\/uploads\/2020\/12\/WhatsApp-Image-2020-12-14-at-09.16.21-555x375.jpeg\" class=\"attachment-vincentes-thumb-med size-vincentes-thumb-med wp-post-image\" alt=\"Mais Vida, Menos Veneno!\" \/><div class=\"mask\"><\/div><div class=\"icons\"><a href=\"https:\/\/feiraecologica.com.br\/fae\/mais-vida-menos-veneno\/\" aria-hidden=\"true\" class=\"icon-chain\"><\/a><\/div><\/div><div class=\"sc_blogger_item_content entry-content\"><div class=\"sc_blogger_item_header entry-header\"><h5 class=\"sc_blogger_item_title entry-title\"><a href=\"https:\/\/feiraecologica.com.br\/fae\/mais-vida-menos-veneno\/\" rel=\"bookmark\">Mais Vida, Menos Veneno!<\/a><\/h5><\/div><!-- .entry-header --><\/div><!-- .entry-content --><\/div><!-- .sc_blogger_item --><\/div><div class=\"trx_addons_column-1_3\"><div class=\"sc_blogger_item post_format_standard post-188 post type-post status-publish format-standard has-post-thumbnail hentry category-noticias\"><div class=\"post_meta\">\t\t\t\t\t\t<span class=\"teste post_meta_item post_date\"><a href=\"https:\/\/feiraecologica.com.br\/fae\/fae-cooperativa-coolmeia-no-globo-rural-de-1996\/\">7 de dezembro de 2020<\/a><\/span>\n\t\t\t\t\t\t <a href=\"https:\/\/feiraecologica.com.br\/fae\/fae-cooperativa-coolmeia-no-globo-rural-de-1996\/#respond\" class=\"post_meta_item post_counters_item post_counters_comments trx_addons_icon-comment\"><span class=\"post_counters_number\">0<\/span><span class=\"post_counters_label\">Coment\u00e1rios<\/span><\/a> <\/div><!-- .post_meta --><div class=\"post_featured with_thumb hover_icon sc_blogger_item_featured\"><img loading=\"lazy\" decoding=\"async\" width=\"555\" height=\"375\" src=\"https:\/\/feiraecologica.com.br\/fae\/wp-content\/uploads\/2020\/12\/Captura-de-tela-2020-12-08-175022-555x375.jpg\" class=\"attachment-vincentes-thumb-med size-vincentes-thumb-med wp-post-image\" alt=\"FAE &#038; Cooperativa Coolm\u00e9ia no Globo Rural de 1996\" srcset=\"https:\/\/feiraecologica.com.br\/fae\/wp-content\/uploads\/2020\/12\/Captura-de-tela-2020-12-08-175022-555x375.jpg 555w, https:\/\/feiraecologica.com.br\/fae\/wp-content\/uploads\/2020\/12\/Captura-de-tela-2020-12-08-175022-1110x750.jpg 1110w\" sizes=\"auto, (max-width: 555px) 100vw, 555px\" \/><div class=\"mask\"><\/div><div class=\"icons\"><a href=\"https:\/\/feiraecologica.com.br\/fae\/fae-cooperativa-coolmeia-no-globo-rural-de-1996\/\" aria-hidden=\"true\" class=\"icon-chain\"><\/a><\/div><\/div><div class=\"sc_blogger_item_content entry-content\"><div class=\"sc_blogger_item_header entry-header\"><h5 class=\"sc_blogger_item_title entry-title\"><a href=\"https:\/\/feiraecologica.com.br\/fae\/fae-cooperativa-coolmeia-no-globo-rural-de-1996\/\" rel=\"bookmark\">FAE &#038; Cooperativa Coolm\u00e9ia no Globo Rural de 1996<\/a><\/h5><\/div><!-- .entry-header --><\/div><!-- .entry-content --><\/div><!-- .sc_blogger_item --><\/div><\/div><\/div><!-- \/.sc_blogger --><\/div>[vc_empty_space alter_height=\"huge\" hide_on_mobile=\"\" css=\".vc_custom_1500478142475{margin-bottom: -3.3rem !important;}\"][\/vc_column][\/vc_row]<\/div>[\/vc_column][\/vc_row]<\/p>\n","protected":false},"excerpt":{"rendered":"<p>[vc_row css=&#8221;.vc_custom_1606220026028{background-color: #ffffff !important;}&#8221;][vc_column][\/vc_column][\/vc_row]<\/p>\n","protected":false},"author":1,"featured_media":0,"parent":0,"menu_order":0,"comment_status":"closed","ping_status":"closed","template":"","meta":{"footnotes":""},"class_list":["post-1146","page","type-page","status-publish","hentry"],"_links":{"self":[{"href":"https:\/\/feiraecologica.com.br\/fae\/wp-json\/wp\/v2\/pages\/1146","targetHints":{"allow":["GET"]}}],"collection":[{"href":"https:\/\/feiraecologica.com.br\/fae\/wp-json\/wp\/v2\/pages"}],"about":[{"href":"https:\/\/feiraecologica.com.br\/fae\/wp-json\/wp\/v2\/types\/page"}],"author":[{"embeddable":true,"href":"https:\/\/feiraecologica.com.br\/fae\/wp-json\/wp\/v2\/users\/1"}],"replies":[{"embeddable":true,"href":"https:\/\/feiraecologica.com.br\/fae\/wp-json\/wp\/v2\/comments?post=1146"}],"version-history":[{"count":4,"href":"https:\/\/feiraecologica.com.br\/fae\/wp-json\/wp\/v2\/pages\/1146\/revisions"}],"predecessor-version":[{"id":2003,"href":"https:\/\/feiraecologica.com.br\/fae\/wp-json\/wp\/v2\/pages\/1146\/revisions\/2003"}],"wp:attachment":[{"href":"https:\/\/feiraecologica.com.br\/fae\/wp-json\/wp\/v2\/media?parent=1146"}],"curies":[{"name":"wp","href":"https:\/\/api.w.org\/{rel}","templated":true}]}}